{"id":79,"date":"2020-08-26T15:42:52","date_gmt":"2020-08-26T15:42:52","guid":{"rendered":"https:\/\/marcepany.pl\/wp\/?page_id=79"},"modified":"2020-10-18T10:50:09","modified_gmt":"2020-10-18T10:50:09","slug":"muzeum-w-mediach","status":"publish","type":"page","link":"https:\/\/marcepany.pl\/?page_id=79","title":{"rendered":"Muzeum w mediach"},"content":{"rendered":"\n<p class=\"has-black-color has-text-color\">TELEWIZJA<\/p>\n\n\n\n<p class=\"has-black-color has-text-color\">TVP3 \u0141\u00f3d\u017a Budzi si\u0119 ludzi \u2013 19 lipca 2020 1 h 35 min<\/p>\n\n\n\n<p><a href=\"https:\/\/lodz.tvp.pl\/49033545\/budzi-sie-ludzi-19072020\">https:\/\/lodz.tvp.pl\/49033545\/budzi-sie-ludzi-19072020<\/a><\/p>\n\n\n\n<p class=\"has-black-color has-text-color\">TVP Piotrk\u00f3w \u2013 24 stycznia 2020<\/p>\n\n\n\n<figure class=\"wp-block-embed-youtube wp-block-embed is-type-video is-provider-youtube wp-embed-aspect-16-9 wp-has-aspect-ratio\"><div class=\"wp-block-embed__wrapper\">\n<iframe loading=\"lazy\" title=\"24 01 2020 TV PIOTRK\u00d3W\" width=\"900\" height=\"506\" src=\"https:\/\/www.youtube.com\/embed\/WTReCjN-J5U?feature=oembed\" frameborder=\"0\" allow=\"accelerometer; autoplay; encrypted-media; gyroscope; picture-in-picture\" allowfullscreen><\/iframe>\n<\/div><\/figure>\n\n\n\n<p>TVP3 \u0141\u00f3d\u017a \u2013 Budzi si\u0119 ludzi \u2013 8 grudnia 2019<\/p>\n\n\n\n<p><a href=\"https:\/\/lodz.tvp.pl\/45718271\/bsl-wizyta-w-piotrkowskim-muzeum-marcepanow?fbclid=IwAR3mTBKEHiK2YzvsKR0sU5JedQVJ-GiRB6Il37t3pYMh_6C8nPyRlVfTPSY\">https:\/\/lodz.tvp.pl\/45718271\/bsl-wizyta-w-piotrkowskim-muzeum-marcepanow?fbclid=IwAR3mTBKEHiK2YzvsKR0sU5JedQVJ-GiRB6Il37t3pYMh_6C8nPyRlVfTPSY<\/a><\/p>\n\n\n\n<p>TVP3 \u0141\u00f3d\u017a \u2013 Turniej miast &#8211; \u0141\u00f3dzkie 2019 \u2013 odc. 7: \u0141\u00f3d\u017a, Piotrk\u00f3w Tryb., Sieradz, Skierniewice \u2013 27 wrze\u015bnia 2019 21 m.<\/p>\n\n\n\n<p><a href=\"https:\/\/lodz.tvp.pl\/44583259\/turniej-miast-lodzkie-2019-odc-7-lodz-piotrkow-tryb-sieradz-skierniewice-zaglosuj-na-swoich-faworytow?fbclid=IwAR2zRZFD-Gi5BxB2MD4Gdz8Eh-6uCxbn9CsfxC_c3rRvTfuZyZGXgBydyBk\">https:\/\/lodz.tvp.pl\/44583259\/turniej-miast-lodzkie-2019-odc-7-lodz-piotrkow-tryb-sieradz-skierniewice-zaglosuj-na-swoich-faworytow?fbclid=IwAR2zRZFD-Gi5BxB2MD4Gdz8Eh-6uCxbn9CsfxC_c3rRvTfuZyZGXgBydyBk<\/a><\/p>\n\n\n\n<p class=\"has-black-color has-text-color\">TVN14 \u2013 Polska na weekend \u2013 24 lipca 2016<\/p>\n\n\n\n<p><a href=\"https:\/\/tvn24.pl\/programy\/odmieniony-sulejow-i-tor-saneczkowy-ra665200\">https:\/\/tvn24.pl\/programy\/odmieniony-sulejow-i-tor-saneczkowy-ra665200<\/a><\/p>\n\n\n\n<p class=\"has-black-color has-text-color\">RADIO<\/p>\n\n\n\n<p class=\"has-black-color has-text-color\">Radio \u0141\u00f3d\u017a \u2013 12 maja 2019 \u2013 Piknik Rodzinny \u201eWioska wikinga\u201d<\/p>\n\n\n\n<p><a href=\"https:\/\/www.radiolodz.pl\/posts\/52829-piknik-rodzinny-wioska-wikinga-w-piotrkowie-trybunalskim\">https:\/\/www.radiolodz.pl\/posts\/52829-piknik-rodzinny-wioska-wikinga-w-piotrkowie-trybunalskim<\/a><\/p>\n\n\n\n<p class=\"has-black-color has-text-color\">Radio \u0141\u00f3d\u017a \u2013 19 maja 2018 \u2013 Noc Muze\u00f3w<\/p>\n\n\n\n<p><a href=\"https:\/\/www.radiolodz.pl\/posts\/44427-noc-muzeow-w-piotrkowie-belchatowie-i-tomaszowie\">https:\/\/www.radiolodz.pl\/posts\/44427-noc-muzeow-w-piotrkowie-belchatowie-i-tomaszowie<\/a><\/p>\n\n\n\n<p class=\"has-black-color has-text-color\">Radio \u0141\u00f3d\u017a \u2013 9 wrze\u015bnia 2017 \u2013 \u201eS\u0105d czartowski\u201d<\/p>\n\n\n\n<p><a href=\"https:\/\/www.radiolodz.pl\/posts\/38426-na-czarcim-sadzie-w-piotrkowie\">https:\/\/www.radiolodz.pl\/posts\/38426-na-czarcim-sadzie-w-piotrkowie<\/a><\/p>\n\n\n\n<p class=\"has-black-color has-text-color\">Radio \u0141\u00f3d\u017a \u2013 7 maja 2017<\/p>\n\n\n\n<p><a href=\"https:\/\/www.radiolodz.pl\/posts\/35327-miecze-i-marcepany-rodzinny-festyn-historyczny\">https:\/\/www.radiolodz.pl\/posts\/35327-miecze-i-marcepany-rodzinny-festyn-historyczny<\/a><\/p>\n\n\n\n<p class=\"has-black-color has-text-color\">Radio \u0141\u00f3d\u017a \u2013 11 lutego 2017<\/p>\n\n\n\n<p><a href=\"https:\/\/www.radiolodz.pl\/posts\/32771-marcepanowy-piotrkow-slodka-specjalnosc-miasta\">https:\/\/www.radiolodz.pl\/posts\/32771-marcepanowy-piotrkow-slodka-specjalnosc-miasta<\/a><\/p>\n\n\n\n<p class=\"has-black-color has-text-color\">BLOGI<\/p>\n\n\n\n<p class=\"has-black-color has-text-color\">Ruszaj w drog\u0119<\/p>\n\n\n\n<p><a href=\"http:\/\/www.ruszajwdroge.pl\/2019\/06\/Piotrkow-Trybunalski-co-warto-zobaczyc.html?fbclid=IwAR0iEqqy74QdBQHj8hjcSiTuvMqAnZ8TILn4tyfxE-1vm3kGpcNUg30wuEk#.XzZ7rDUwjIU\">www.ruszajwdroge.pl\/2019\/06\/Piotrkow-Trybunalski-co-warto-zobaczyc.html?fbclid=IwAR0iEqqy74QdBQHj8hjcSiTuvMqAnZ8TILn4tyfxE-1vm3kGpcNUg30wuEk#.XzZ7rDUwjIU<\/a><\/p>\n","protected":false},"excerpt":{"rendered":"<p>TELEWIZJA TVP3 \u0141\u00f3d\u017a Budzi si\u0119 ludzi \u2013 19 lipca 2020 1 h 35 min https:\/\/lodz.tvp.pl\/49033545\/budzi-sie-ludzi-19072020 TVP Piotrk\u00f3w \u2013 24 stycznia 2020 TVP3 \u0141\u00f3d\u017a \u2013 Budzi si\u0119 ludzi \u2013 8 grudnia 2019 https:\/\/lodz.tvp.pl\/45718271\/bsl-wizyta-w-piotrkowskim-muzeum-marcepanow?fbclid=IwAR3mTBKEHiK2YzvsKR0sU5JedQVJ-GiRB6Il37t3pYMh_6C8nPyRlVfTPSY TVP3 \u0141\u00f3d\u017a \u2013 Turniej miast &#8211; \u0141\u00f3dzkie 2019 \u2013 odc. 7: \u0141\u00f3d\u017a, Piotrk\u00f3w Tryb., Sieradz, Skierniewice \u2013 27 wrze\u015bnia 2019 21 m. https:\/\/lodz.tvp.pl\/44583259\/turniej-miast-lodzkie-2019-odc-7-lodz-piotrkow-tryb-sieradz-skierniewice-zaglosuj-na-swoich-faworytow?fbclid=IwAR2zRZFD-Gi5BxB2MD4Gdz8Eh-6uCxbn9CsfxC_c3rRvTfuZyZGXgBydyBk &#8230;.&nbsp;&nbsp;<a class=\" default\" href=\"https:\/\/marcepany.pl\/?page_id=79\">Read More<\/a><\/p>\n","protected":false},"author":1,"featured_media":0,"parent":0,"menu_order":0,"comment_status":"closed","ping_status":"closed","template":"","meta":{"footnotes":"","_links_to":"","_links_to_target":""},"class_list":["post-79","page","type-page","status-publish","hentry"],"_links":{"self":[{"href":"https:\/\/marcepany.pl\/index.php?rest_route=\/wp\/v2\/pages\/79","targetHints":{"allow":["GET"]}}],"collection":[{"href":"https:\/\/marcepany.pl\/index.php?rest_route=\/wp\/v2\/pages"}],"about":[{"href":"https:\/\/marcepany.pl\/index.php?rest_route=\/wp\/v2\/types\/page"}],"author":[{"embeddable":true,"href":"https:\/\/marcepany.pl\/index.php?rest_route=\/wp\/v2\/users\/1"}],"replies":[{"embeddable":true,"href":"https:\/\/marcepany.pl\/index.php?rest_route=%2Fwp%2Fv2%2Fcomments&post=79"}],"version-history":[{"count":5,"href":"https:\/\/marcepany.pl\/index.php?rest_route=\/wp\/v2\/pages\/79\/revisions"}],"predecessor-version":[{"id":370,"href":"https:\/\/marcepany.pl\/index.php?rest_route=\/wp\/v2\/pages\/79\/revisions\/370"}],"wp:attachment":[{"href":"https:\/\/marcepany.pl\/index.php?rest_route=%2Fwp%2Fv2%2Fmedia&parent=79"}],"curies":[{"name":"wp","href":"https:\/\/api.w.org\/{rel}","templated":true}]}}